{"id":134,"date":"2018-04-04T15:25:46","date_gmt":"2018-04-04T13:25:46","guid":{"rendered":"http:\/\/la-nogent-baltard.fr\/wordpress\/?page_id=134"},"modified":"2024-09-15T18:50:27","modified_gmt":"2024-09-15T16:50:27","slug":"parcours","status":"publish","type":"page","link":"https:\/\/la-nogent-baltard.fr\/wordpress\/?page_id=134","title":{"rendered":"Parcours"},"content":{"rendered":"\n<figure class=\"wp-block-image size-large\"><img loading=\"lazy\" decoding=\"async\" width=\"1024\" height=\"768\" src=\"http:\/\/la-nogent-baltard.fr\/wordpress\/wp-content\/uploads\/2024\/09\/Nogent-Baltard-12-1024x768.jpg\" alt=\"\" class=\"wp-image-454\" srcset=\"https:\/\/la-nogent-baltard.fr\/wordpress\/wp-content\/uploads\/2024\/09\/Nogent-Baltard-12-1024x768.jpg 1024w, https:\/\/la-nogent-baltard.fr\/wordpress\/wp-content\/uploads\/2024\/09\/Nogent-Baltard-12-300x225.jpg 300w, https:\/\/la-nogent-baltard.fr\/wordpress\/wp-content\/uploads\/2024\/09\/Nogent-Baltard-12-768x576.jpg 768w, https:\/\/la-nogent-baltard.fr\/wordpress\/wp-content\/uploads\/2024\/09\/Nogent-Baltard-12-1536x1152.jpg 1536w, https:\/\/la-nogent-baltard.fr\/wordpress\/wp-content\/uploads\/2024\/09\/Nogent-Baltard-12-2048x1536.jpg 2048w\" sizes=\"(max-width: 1024px) 100vw, 1024px\" \/><figcaption class=\"wp-element-caption\">OLYMPUS DIGITAL CAMERA<\/figcaption><\/figure>\n\n\n<p>Le parcours de la Nogent Baltard 2024 est pr\u00eat. Nous pr\u00e9parons un truc pour le rendre lisible.<\/p>\n<p>D&rsquo;une mani\u00e8re g\u00e9n\u00e9rale, il est \u00e0 l&rsquo;envers des \u00e9ditions pr\u00e9c\u00e9dentes (on monte le parc des artiste). avec de gros changements :<\/p>\n<ul>\n<li>Le d\u00e9part est au pavillon Baltard.<\/li>\n<\/ul>\n<p>1\u00e8re boucle, descente de la cote Baltard<\/p>\n<ul>\n<li>la promenade Yvette Horner<\/li>\n<li>passage rapide par le stade<\/li>\n<li>Mont\u00e9e du parc des artistes et de la rue Pasteur<\/li>\n<li>1\u00e8re Boucle, \u00e0 droite dans la grande rue<\/li>\n<li>Mont\u00e9e par La rue Plaisance<\/li>\n<li>Retour par La rue Josserand<\/li>\n<li>Descente sur le march\u00e9 par le boulevard Gallieni<\/li>\n<li>Au kiosque, la grande rue jusqu&rsquo;au bout<\/li>\n<li>Descente dans le parc Watteau puis la cote Agn\u00e8s Sorel<\/li>\n<li>L&rsquo;avenue Val de Beaut\u00e9<\/li>\n<\/ul>\n<p><a href=\"https:\/\/la-nogent-baltard.fr\/wordpress\/?attachment_id=435\">1\u00e8re boucle de la Nogent Baltard 2024<\/a><\/p>\n<p>2i\u00e8me Boucle, mont\u00e9e la cote Baltard<\/p>\n<ul>\n<li>Tour du pavillon Baltard (en ext\u00e9rieur &#8230; seulement)<\/li>\n<li>Descente de la cote Baltard<\/li>\n<li>la promenade Yvette Horner<\/li>\n<li>passage rapide par le stade<\/li>\n<li>Mont\u00e9e du parc des artistes et de la rue Pasteur<\/li>\n<li>2i\u00e8me Boucle, \u00e0 gauche dans la grande rue<\/li>\n<li>Descente dans le parc Watteau puis la cote Agn\u00e8s Sorel<\/li>\n<li>L&rsquo;avenue Val de Beaut\u00e9<\/li>\n<li>Passage de l&rsquo;ile de Beaut\u00e9<\/li>\n<li>Retour au stade par la promenade Yvette Horner<\/li>\n<li>Entr\u00e9e sur la piste au d\u00e9part du 1 500m<\/li>\n<li>Arriv\u00e9e devant les tribunes.<\/li>\n<\/ul>\n<p><a href=\"https:\/\/la-nogent-baltard.fr\/wordpress\/?attachment_id=436\">2i\u00e8me Boucle de la Nogent Baltard<\/a><\/p>","protected":false},"excerpt":{"rendered":"<p>Le parcours de la Nogent Baltard 2024 est pr\u00eat. Nous pr\u00e9parons un truc pour le&#8230;<\/p>\n","protected":false},"author":1,"featured_media":0,"parent":0,"menu_order":0,"comment_status":"closed","ping_status":"closed","template":"","meta":{"footnotes":""},"class_list":["post-134","page","type-page","status-publish","hentry"],"_links":{"self":[{"href":"https:\/\/la-nogent-baltard.fr\/wordpress\/index.php?rest_route=\/wp\/v2\/pages\/134"}],"collection":[{"href":"https:\/\/la-nogent-baltard.fr\/wordpress\/index.php?rest_route=\/wp\/v2\/pages"}],"about":[{"href":"https:\/\/la-nogent-baltard.fr\/wordpress\/index.php?rest_route=\/wp\/v2\/types\/page"}],"author":[{"embeddable":true,"href":"https:\/\/la-nogent-baltard.fr\/wordpress\/index.php?rest_route=\/wp\/v2\/users\/1"}],"replies":[{"embeddable":true,"href":"https:\/\/la-nogent-baltard.fr\/wordpress\/index.php?rest_route=%2Fwp%2Fv2%2Fcomments&post=134"}],"version-history":[{"count":16,"href":"https:\/\/la-nogent-baltard.fr\/wordpress\/index.php?rest_route=\/wp\/v2\/pages\/134\/revisions"}],"predecessor-version":[{"id":455,"href":"https:\/\/la-nogent-baltard.fr\/wordpress\/index.php?rest_route=\/wp\/v2\/pages\/134\/revisions\/455"}],"wp:attachment":[{"href":"https:\/\/la-nogent-baltard.fr\/wordpress\/index.php?rest_route=%2Fwp%2Fv2%2Fmedia&parent=134"}],"curies":[{"name":"wp","href":"https:\/\/api.w.org\/{rel}","templated":true}]}}